{"id":1096,"date":"2022-05-30T00:31:58","date_gmt":"2022-05-29T22:31:58","guid":{"rendered":"https:\/\/talencegymnastique.fr\/?page_id=1096"},"modified":"2022-05-30T00:32:00","modified_gmt":"2022-05-29T22:32:00","slug":"region-equipe-national-a-gaf-brives-07-08-mai","status":"publish","type":"page","link":"https:\/\/talencegymnastique.fr\/?page_id=1096","title":{"rendered":"R\u00e9gion \u00c9quipe National A GAF Brives 07\/08 Mai"},"content":{"rendered":"\n<p class=\"has-text-align-center has-luminous-vivid-amber-color has-black-background-color has-text-color has-background has-medium-font-size\"><strong>R\u00e9sultats<\/strong><\/p>\n\n\n\n<figure class=\"wp-block-table is-style-stripes\"><table class=\"has-background\" style=\"background:linear-gradient(135deg,rgb(236,4,193) 0%,rgb(0,209,190) 100%)\"><tbody><tr><td><em>\u00c9quipe<\/em><\/td><td class=\"has-text-align-left\" data-align=\"left\"><em>R\u00e9sultat<\/em><\/td><td class=\"has-text-align-center\" data-align=\"center\"><em>Total point<\/em><\/td><td class=\"has-text-align-center\" data-align=\"center\"><em>D\u00e9tail<\/em><\/td><\/tr><tr><td>Nationale 12 ans et plus \u00e9quipe 1<\/td><td class=\"has-text-align-left\" data-align=\"left\">5\/9<\/td><td class=\"has-text-align-center\" data-align=\"center\">127.400<\/td><td class=\"has-text-align-center\" data-align=\"center\"><a href=\"https:\/\/talencegymnastique.fr\/wp-content\/uploads\/2022\/05\/Nat-A-12.pdf\">Voir<\/a><\/td><\/tr><tr><td>Nationale 12 ans et plus \u00e9quipe 2<\/td><td class=\"has-text-align-left\" data-align=\"left\">6\/9<\/td><td class=\"has-text-align-center\" data-align=\"center\">122.850<\/td><td class=\"has-text-align-center\" data-align=\"center\"><a href=\"https:\/\/talencegymnastique.fr\/wp-content\/uploads\/2022\/05\/Nat-A-12.pdf\">Voir<\/a><\/td><\/tr><\/tbody><\/table><\/figure>\n\n\n\n<p class=\"has-text-align-center has-luminous-vivid-amber-color has-black-background-color has-text-color has-background has-medium-font-size\"><strong>Photos de la comp\u00e9tition<\/strong><\/p>\n\n\n\n\n\n<p><\/p>\n","protected":false},"excerpt":{"rendered":"<p>R\u00e9sultats \u00c9quipe R\u00e9sultat Total point D\u00e9tail Nationale 12 ans et plus \u00e9quipe 1 5\/9 127.400 Voir Nationale 12 ans et plus \u00e9quipe 2 6\/9 122.850 Voir Photos de la comp\u00e9tition<\/p>\n","protected":false},"author":1,"featured_media":0,"parent":352,"menu_order":0,"comment_status":"closed","ping_status":"closed","template":"","meta":{"footnotes":""},"class_list":["post-1096","page","type-page","status-publish","hentry"],"jetpack_sharing_enabled":true,"_links":{"self":[{"href":"https:\/\/talencegymnastique.fr\/index.php?rest_route=\/wp\/v2\/pages\/1096","targetHints":{"allow":["GET"]}}],"collection":[{"href":"https:\/\/talencegymnastique.fr\/index.php?rest_route=\/wp\/v2\/pages"}],"about":[{"href":"https:\/\/talencegymnastique.fr\/index.php?rest_route=\/wp\/v2\/types\/page"}],"author":[{"embeddable":true,"href":"https:\/\/talencegymnastique.fr\/index.php?rest_route=\/wp\/v2\/users\/1"}],"replies":[{"embeddable":true,"href":"https:\/\/talencegymnastique.fr\/index.php?rest_route=%2Fwp%2Fv2%2Fcomments&post=1096"}],"version-history":[{"count":1,"href":"https:\/\/talencegymnastique.fr\/index.php?rest_route=\/wp\/v2\/pages\/1096\/revisions"}],"predecessor-version":[{"id":1098,"href":"https:\/\/talencegymnastique.fr\/index.php?rest_route=\/wp\/v2\/pages\/1096\/revisions\/1098"}],"up":[{"embeddable":true,"href":"https:\/\/talencegymnastique.fr\/index.php?rest_route=\/wp\/v2\/pages\/352"}],"wp:attachment":[{"href":"https:\/\/talencegymnastique.fr\/index.php?rest_route=%2Fwp%2Fv2%2Fmedia&parent=1096"}],"curies":[{"name":"wp","href":"https:\/\/api.w.org\/{rel}","templated":true}]}}