{"id":1105,"date":"2022-05-30T00:49:57","date_gmt":"2022-05-29T22:49:57","guid":{"rendered":"https:\/\/talencegymnastique.fr\/?page_id=1105"},"modified":"2022-05-30T00:49:59","modified_gmt":"2022-05-29T22:49:59","slug":"region-individuel-perf-gam-gaf-agen-21-mai","status":"publish","type":"page","link":"https:\/\/talencegymnastique.fr\/?page_id=1105","title":{"rendered":"R\u00e9gion Individuel Perf GAM\/GAF Agen 21 Mai"},"content":{"rendered":"\n<p class=\"has-text-align-center has-luminous-vivid-amber-color has-black-background-color has-text-color has-background has-medium-font-size\"><strong>R\u00e9sultats<\/strong><\/p>\n\n\n\n<p class=\"has-text-align-center has-background has-normal-font-size\" style=\"background-color:#ea14bc\"><strong>GAF<\/strong><\/p>\n\n\n\n<figure class=\"wp-block-table is-style-stripes\"><table class=\"has-background\" style=\"background:linear-gradient(135deg,rgb(236,4,193) 0%,rgb(0,184,209) 100%)\"><tbody><tr><td><em>Gymnaste<\/em><\/td><td>Cat\u00e9gorie<\/td><td class=\"has-text-align-left\" data-align=\"left\"><em>R\u00e9sultat<\/em><\/td><td class=\"has-text-align-center\" data-align=\"center\"><em>Total point<\/em><\/td><td class=\"has-text-align-center\" data-align=\"center\"><em>D\u00e9tail<\/em><\/td><\/tr><tr><td>VARICHON Julie<\/td><td>Nationale 21 ans et +<\/td><td class=\"has-text-align-left\" data-align=\"left\">5\/11<\/td><td class=\"has-text-align-center\" data-align=\"center\">42.799<\/td><td class=\"has-text-align-center\" data-align=\"center\"><a href=\"https:\/\/talencegymnastique.fr\/wp-content\/uploads\/2022\/05\/Nat-21.pdf\">Voir<\/a><\/td><\/tr><tr><td>DAMIANS Mathilde<\/td><td>Nationale 21 ans et +<\/td><td class=\"has-text-align-left\" data-align=\"left\">6\/11<\/td><td class=\"has-text-align-center\" data-align=\"center\">41.666<\/td><td class=\"has-text-align-center\" data-align=\"center\"><a href=\"https:\/\/talencegymnastique.fr\/wp-content\/uploads\/2022\/05\/Nat-21.pdf\">Voir<\/a> <\/td><\/tr><\/tbody><\/table><\/figure>\n\n\n\n<p class=\"has-text-align-center has-background has-normal-font-size\" style=\"background-color:#ea14bc\"><strong>GAM<\/strong><\/p>\n\n\n\n<figure class=\"wp-block-table is-style-stripes\"><table class=\"has-background\" style=\"background:linear-gradient(135deg,rgb(236,4,193) 0%,rgb(0,184,209) 100%)\"><tbody><tr><td><em>Gymnaste<\/em><\/td><td>Cat\u00e9gorie<\/td><td class=\"has-text-align-left\" data-align=\"left\"><em>R\u00e9sultat<\/em><\/td><td class=\"has-text-align-center\" data-align=\"center\"><em>Total point<\/em><\/td><td class=\"has-text-align-center\" data-align=\"center\"><em>D\u00e9tail<\/em><\/td><\/tr><tr><td>BENSILUM Paul<\/td><td>Nationale A 11 ans<\/td><td class=\"has-text-align-left\" data-align=\"left\">2\/2<\/td><td class=\"has-text-align-center\" data-align=\"center\">49.450<\/td><td class=\"has-text-align-center\" data-align=\"center\"><a href=\"https:\/\/talencegymnastique.fr\/wp-content\/uploads\/2022\/05\/Nat-A-11-GAM.pdf\">Voir<\/a> <\/td><\/tr><\/tbody><\/table><\/figure>\n\n\n\n<p class=\"has-text-align-center has-luminous-vivid-amber-color has-black-background-color has-text-color has-background has-medium-font-size\"><strong>Photos de la comp\u00e9tition<\/strong><\/p>\n\n\n","protected":false},"excerpt":{"rendered":"<p>R\u00e9sultats GAF Gymnaste Cat\u00e9gorie R\u00e9sultat Total point D\u00e9tail VARICHON Julie Nationale 21 ans et + 5\/11 42.799 Voir DAMIANS Mathilde Nationale 21 ans et + 6\/11 41.666 Voir GAM Gymnaste Cat\u00e9gorie R\u00e9sultat Total point D\u00e9tail BENSILUM Paul Nationale A 11 ans 2\/2 49.450 Voir Photos de la comp\u00e9tition<\/p>\n","protected":false},"author":1,"featured_media":0,"parent":352,"menu_order":0,"comment_status":"closed","ping_status":"closed","template":"","meta":{"footnotes":""},"class_list":["post-1105","page","type-page","status-publish","hentry"],"jetpack_sharing_enabled":true,"_links":{"self":[{"href":"https:\/\/talencegymnastique.fr\/index.php?rest_route=\/wp\/v2\/pages\/1105","targetHints":{"allow":["GET"]}}],"collection":[{"href":"https:\/\/talencegymnastique.fr\/index.php?rest_route=\/wp\/v2\/pages"}],"about":[{"href":"https:\/\/talencegymnastique.fr\/index.php?rest_route=\/wp\/v2\/types\/page"}],"author":[{"embeddable":true,"href":"https:\/\/talencegymnastique.fr\/index.php?rest_route=\/wp\/v2\/users\/1"}],"replies":[{"embeddable":true,"href":"https:\/\/talencegymnastique.fr\/index.php?rest_route=%2Fwp%2Fv2%2Fcomments&post=1105"}],"version-history":[{"count":1,"href":"https:\/\/talencegymnastique.fr\/index.php?rest_route=\/wp\/v2\/pages\/1105\/revisions"}],"predecessor-version":[{"id":1108,"href":"https:\/\/talencegymnastique.fr\/index.php?rest_route=\/wp\/v2\/pages\/1105\/revisions\/1108"}],"up":[{"embeddable":true,"href":"https:\/\/talencegymnastique.fr\/index.php?rest_route=\/wp\/v2\/pages\/352"}],"wp:attachment":[{"href":"https:\/\/talencegymnastique.fr\/index.php?rest_route=%2Fwp%2Fv2%2Fmedia&parent=1105"}],"curies":[{"name":"wp","href":"https:\/\/api.w.org\/{rel}","templated":true}]}}