{"id":1139,"date":"2022-10-28T16:08:38","date_gmt":"2022-10-28T14:08:38","guid":{"rendered":"https:\/\/talencegymnastique.fr\/?page_id=1139"},"modified":"2023-06-27T11:04:00","modified_gmt":"2023-06-27T09:04:00","slug":"resultats-saison-2022-2023","status":"publish","type":"page","link":"https:\/\/talencegymnastique.fr\/?page_id=1139","title":{"rendered":"R\u00e9sultats Saison 2022\/2023"},"content":{"rendered":"\n<p class=\"has-text-align-center has-luminous-vivid-amber-color has-black-background-color has-text-color has-background has-medium-font-size\"><strong>GAF<\/strong> <strong>&#8211; EQUIPE<\/strong><\/p>\n\n\n\n<figure class=\"wp-block-table is-style-stripes\"><table class=\"has-cool-to-warm-spectrum-gradient-background has-background\"><tbody><tr><td>Cat\u00e9gorie<\/td><td class=\"has-text-align-center\" data-align=\"center\">D\u00e9partement<\/td><td class=\"has-text-align-center\" data-align=\"center\">InterD\u00e9partement<\/td><td class=\"has-text-align-center\" data-align=\"center\">R\u00e9gion<\/td><td>National<\/td><\/tr><tr><td>F\u00e9d\u00e9ral B<\/td><td class=\"has-text-align-center\" data-align=\"center\">25-26\/02<br>SPUC<\/td><td class=\"has-text-align-center\" data-align=\"center\">17-18\/06<br>Saint Jean de Luz<\/td><td class=\"has-text-align-center\" data-align=\"center\">24-25\/06<br>Andernos<br><em><strong>Finale DEP<\/strong><\/em><\/td><td><\/td><\/tr><tr><td>F\u00e9d\u00e9ral A Reg<\/td><td class=\"has-text-align-center\" data-align=\"center\">14-15\/01 <br>Arcachon<\/td><td class=\"has-text-align-center\" data-align=\"center\">4-5\/03<br>Saint Jean D&rsquo;Illac<\/td><td class=\"has-text-align-center\" data-align=\"center\">3-4\/06<\/td><td><\/td><\/tr><tr><td>F\u00e9d\u00e9ral A<\/td><td class=\"has-text-align-center\" data-align=\"center\">14-15\/01 <br>Arcachon<\/td><td class=\"has-text-align-center\" data-align=\"center\">4-5\/03<br>Saint Jean D&rsquo;Illac<\/td><td class=\"has-text-align-center\" data-align=\"center\">1-2\/03<br>Boulazac<\/td><td><\/td><\/tr><tr><td>Performance Reg<\/td><td class=\"has-text-align-center\" data-align=\"center\">4-5\/02<br>La Teste<\/td><td class=\"has-text-align-center\" data-align=\"center\">25-26\/03<br>Villeneuve sur Lot<\/td><td class=\"has-text-align-center\" data-align=\"center\">3-4\/06<\/td><td><\/td><\/tr><tr><td>Performance<\/td><td class=\"has-text-align-center\" data-align=\"center\">4-5\/02<br>La Teste<\/td><td class=\"has-text-align-center\" data-align=\"center\">25-26\/03<br>Villeneuve sur Lot<\/td><td class=\"has-text-align-center\" data-align=\"center\">6-7-8\/05<br>Agen<\/td><td><\/td><\/tr><\/tbody><\/table><\/figure>\n\n\n\n<p class=\"has-text-align-center has-luminous-vivid-amber-color has-black-background-color has-text-color has-background has-medium-font-size\"><strong>GAF<\/strong> <strong>&#8211; INDIVIDUEL<\/strong><\/p>\n\n\n\n<figure class=\"wp-block-table is-style-stripes\"><table class=\"has-cool-to-warm-spectrum-gradient-background has-background\"><tbody><tr><td>Cat\u00e9gorie<\/td><td class=\"has-text-align-center\" data-align=\"center\">D\u00e9partement<\/td><td class=\"has-text-align-center\" data-align=\"center\">InterD\u00e9partement<\/td><td class=\"has-text-align-center\" data-align=\"center\">R\u00e9gion<\/td><td class=\"has-text-align-center\" data-align=\"center\">National<\/td><\/tr><tr><td>F\u00e9d\u00e9ral A<\/td><td class=\"has-text-align-center\" data-align=\"center\">21-22\/01<br>ASSM<\/td><td class=\"has-text-align-center\" data-align=\"center\"><\/td><td class=\"has-text-align-center\" data-align=\"center\">3-4\/06<\/td><td class=\"has-text-align-center\" data-align=\"center\"><\/td><\/tr><tr><td>Performance Reg<\/td><td class=\"has-text-align-center\" data-align=\"center\">21-22\/01<br>ASSM<\/td><td class=\"has-text-align-center\" data-align=\"center\">11-12\/03<\/td><td class=\"has-text-align-center\" data-align=\"center\"><\/td><td class=\"has-text-align-center\" data-align=\"center\"><\/td><\/tr><tr><td>Performance<\/td><td class=\"has-text-align-center\" data-align=\"center\">21-22\/01<br>ASSM<\/td><td class=\"has-text-align-center\" data-align=\"center\">11-12\/03<\/td><td class=\"has-text-align-center\" data-align=\"center\">8-9-10\/04<br>Cognac<\/td><td class=\"has-text-align-center\" data-align=\"center\"><\/td><\/tr><\/tbody><\/table><\/figure>\n\n\n\n<p class=\"has-text-align-center has-luminous-vivid-amber-color has-black-background-color has-text-color has-background has-medium-font-size\"><strong>GAM<\/strong> <strong>&#8211; EQUIPE<\/strong><\/p>\n\n\n\n<figure class=\"wp-block-table is-style-stripes\"><table class=\"has-cool-to-warm-spectrum-gradient-background has-background\"><tbody><tr><td>Cat\u00e9gorie<\/td><td class=\"has-text-align-center\" data-align=\"center\">D\u00e9partement<\/td><td class=\"has-text-align-center\" data-align=\"center\">InterD\u00e9partement<\/td><\/tr><tr><td>F\u00e9d\u00e9ral B<\/td><td class=\"has-text-align-center\" data-align=\"center\">4-5\/02<br>La Teste<\/td><td class=\"has-text-align-center\" data-align=\"center\">11-12\/03<\/td><\/tr><\/tbody><\/table><\/figure>\n\n\n\n<p class=\"has-text-align-center has-luminous-vivid-amber-color has-black-background-color has-text-color has-background has-medium-font-size\"><strong>TEAMGYM<\/strong> : <a href=\"http:\/\/talencegymnastique.fr\/?page_id=1156\">Cliquez-ici pour voir les r\u00e9sultats<\/a><\/p>\n\n\n\n<figure class=\"wp-block-table is-style-stripes\"><table class=\"has-cool-to-warm-spectrum-gradient-background has-background\"><tbody><tr><td>Cat\u00e9gorie<\/td><td class=\"has-text-align-center\" data-align=\"center\">D\u00e9partement<\/td><td class=\"has-text-align-center\" data-align=\"center\">InterD\u00e9partement<\/td><td class=\"has-text-align-center\" data-align=\"center\">R\u00e9gion<\/td><td>National<\/td><\/tr><tr><td>TC<\/td><td class=\"has-text-align-center\" data-align=\"center\">28-29\/01<br>Le Haillan<\/td><td class=\"has-text-align-center\" data-align=\"center\">18-19\/03<br>Anglet<\/td><td class=\"has-text-align-center\" data-align=\"center\">29-30\/04<br>CEP<\/td><td><\/td><\/tr><\/tbody><\/table><\/figure>\n","protected":false},"excerpt":{"rendered":"<p>GAF &#8211; EQUIPE Cat\u00e9gorie D\u00e9partement InterD\u00e9partement R\u00e9gion National F\u00e9d\u00e9ral B 25-26\/02SPUC 17-18\/06Saint Jean de Luz 24-25\/06AndernosFinale DEP F\u00e9d\u00e9ral A Reg 14-15\/01 Arcachon 4-5\/03Saint Jean D&rsquo;Illac 3-4\/06 F\u00e9d\u00e9ral A 14-15\/01 Arcachon 4-5\/03Saint Jean D&rsquo;Illac 1-2\/03Boulazac Performance Reg 4-5\/02La Teste 25-26\/03Villeneuve sur Lot 3-4\/06 Performance 4-5\/02La Teste 25-26\/03Villeneuve sur Lot 6-7-8\/05Agen GAF &#8211; INDIVIDUEL Cat\u00e9gorie D\u00e9partement InterD\u00e9partement &hellip; <\/p>\n","protected":false},"author":1,"featured_media":0,"parent":428,"menu_order":0,"comment_status":"closed","ping_status":"closed","template":"","meta":{"footnotes":""},"class_list":["post-1139","page","type-page","status-publish","hentry"],"jetpack_sharing_enabled":true,"_links":{"self":[{"href":"https:\/\/talencegymnastique.fr\/index.php?rest_route=\/wp\/v2\/pages\/1139","targetHints":{"allow":["GET"]}}],"collection":[{"href":"https:\/\/talencegymnastique.fr\/index.php?rest_route=\/wp\/v2\/pages"}],"about":[{"href":"https:\/\/talencegymnastique.fr\/index.php?rest_route=\/wp\/v2\/types\/page"}],"author":[{"embeddable":true,"href":"https:\/\/talencegymnastique.fr\/index.php?rest_route=\/wp\/v2\/users\/1"}],"replies":[{"embeddable":true,"href":"https:\/\/talencegymnastique.fr\/index.php?rest_route=%2Fwp%2Fv2%2Fcomments&post=1139"}],"version-history":[{"count":5,"href":"https:\/\/talencegymnastique.fr\/index.php?rest_route=\/wp\/v2\/pages\/1139\/revisions"}],"predecessor-version":[{"id":1159,"href":"https:\/\/talencegymnastique.fr\/index.php?rest_route=\/wp\/v2\/pages\/1139\/revisions\/1159"}],"up":[{"embeddable":true,"href":"https:\/\/talencegymnastique.fr\/index.php?rest_route=\/wp\/v2\/pages\/428"}],"wp:attachment":[{"href":"https:\/\/talencegymnastique.fr\/index.php?rest_route=%2Fwp%2Fv2%2Fmedia&parent=1139"}],"curies":[{"name":"wp","href":"https:\/\/api.w.org\/{rel}","templated":true}]}}