{"id":1603,"date":"2024-01-15T17:18:59","date_gmt":"2024-01-15T16:18:59","guid":{"rendered":"https:\/\/talencegymnastique.fr\/?page_id=1603"},"modified":"2024-03-05T16:57:23","modified_gmt":"2024-03-05T15:57:23","slug":"resultats-saison-2023-2024","status":"publish","type":"page","link":"https:\/\/talencegymnastique.fr\/?page_id=1603","title":{"rendered":"R\u00e9sultats Saison 2023\/2024"},"content":{"rendered":"\n<p class=\"has-text-align-center has-luminous-vivid-amber-color has-black-background-color has-text-color has-background has-medium-font-size\"><strong>GAF<\/strong> <strong>&#8211; EQUIPE<\/strong> : <a href=\"https:\/\/talencegymnastique.fr\/?page_id=1647\">Cliquez-ici pour voir les r\u00e9sultats<\/a><\/p>\n\n\n\n<figure class=\"wp-block-table is-style-stripes\"><table class=\"has-cool-to-warm-spectrum-gradient-background has-background\"><tbody><tr><td>Cat\u00e9gorie<\/td><td class=\"has-text-align-center\" data-align=\"center\">D\u00e9partement<\/td><td class=\"has-text-align-center\" data-align=\"center\">InterD\u00e9partement<\/td><td class=\"has-text-align-center\" data-align=\"center\">R\u00e9gion<\/td><td>National<\/td><\/tr><tr><td>F\u00e9d\u00e9ral B<\/td><td class=\"has-text-align-center\" data-align=\"center\"> OU 3-4\/02<br>La Teste OU Ambar\u00e8s<\/td><td class=\"has-text-align-center\" data-align=\"center\">1-2\/06<br><em><strong>Finale DEP<\/strong><\/em><\/td><td class=\"has-text-align-center\" data-align=\"center\"><\/td><td><\/td><\/tr><tr><td>F\u00e9d\u00e9ral A Reg<\/td><td class=\"has-text-align-center\" data-align=\"center\">20-21\/01 <br>Arcachon<\/td><td class=\"has-text-align-center\" data-align=\"center\">4-5\/03<br>Saint Jean D&rsquo;Illac<\/td><td class=\"has-text-align-center\" data-align=\"center\">3-4\/06<\/td><td><\/td><\/tr><tr><td>F\u00e9d\u00e9ral A<\/td><td class=\"has-text-align-center\" data-align=\"center\">16\/12\/23 OU 20-21\/01 <br>Arcachon<\/td><td class=\"has-text-align-center\" data-align=\"center\">16-17\/03<\/td><td class=\"has-text-align-center\" data-align=\"center\">13-14\/04<br>Agen<\/td><td>10-11-12\/05<\/td><\/tr><tr><td>Performance Reg<\/td><td class=\"has-text-align-center\" data-align=\"center\">17-18\/02<br>La Teste<\/td><td class=\"has-text-align-center\" data-align=\"center\"><\/td><td class=\"has-text-align-center\" data-align=\"center\"><\/td><td><\/td><\/tr><tr><td>Performance Poussine<\/td><td class=\"has-text-align-center\" data-align=\"center\">27-28\/01<br>La Teste<\/td><td class=\"has-text-align-center\" data-align=\"center\"><\/td><td class=\"has-text-align-center\" data-align=\"center\"><\/td><td><\/td><\/tr><\/tbody><\/table><\/figure>\n\n\n\n<p class=\"has-text-align-center has-luminous-vivid-amber-color has-black-background-color has-text-color has-background has-medium-font-size\"><strong>GAF<\/strong> <strong>&#8211; INDIVIDUEL<\/strong> : <a href=\"https:\/\/talencegymnastique.fr\/?page_id=1651\">Cliquez-ici pour voir les r\u00e9sultats<\/a><\/p>\n\n\n\n<figure class=\"wp-block-table is-style-stripes\"><table class=\"has-cool-to-warm-spectrum-gradient-background has-background\"><tbody><tr><td>Cat\u00e9gorie<\/td><td class=\"has-text-align-center\" data-align=\"center\">D\u00e9partement<\/td><td class=\"has-text-align-center\" data-align=\"center\">InterD\u00e9partement<\/td><td class=\"has-text-align-center\" data-align=\"center\">R\u00e9gion<\/td><td class=\"has-text-align-center\" data-align=\"center\">National<\/td><\/tr><tr><td>F\u00e9d\u00e9ral A<\/td><td class=\"has-text-align-center\" data-align=\"center\">21-22\/01<br>ASSM<\/td><td class=\"has-text-align-center\" data-align=\"center\"><\/td><td class=\"has-text-align-center\" data-align=\"center\">3-4\/06<\/td><td class=\"has-text-align-center\" data-align=\"center\"><\/td><\/tr><tr><td>Performance Reg<\/td><td class=\"has-text-align-center\" data-align=\"center\">21-22\/01<br>ASSM<\/td><td class=\"has-text-align-center\" data-align=\"center\">11-12\/03<\/td><td class=\"has-text-align-center\" data-align=\"center\"><\/td><td class=\"has-text-align-center\" data-align=\"center\"><\/td><\/tr><tr><td>Performance<\/td><td class=\"has-text-align-center\" data-align=\"center\">21-22\/01<br>ASSM<\/td><td class=\"has-text-align-center\" data-align=\"center\">11-12\/03<\/td><td class=\"has-text-align-center\" data-align=\"center\">8-9-10\/04<br>Cognac<\/td><td class=\"has-text-align-center\" data-align=\"center\"><\/td><\/tr><\/tbody><\/table><\/figure>\n\n\n\n<p class=\"has-text-align-center has-luminous-vivid-amber-color has-black-background-color has-text-color has-background has-medium-font-size\"><strong>GAM<\/strong> <strong>&#8211; EQUIPE<\/strong> : <strong><a href=\"https:\/\/talencegymnastique.fr\/?page_id=1682\">Cliquez-ici pour voir les r\u00e9sultats<\/a><\/strong><\/p>\n\n\n\n<figure class=\"wp-block-table is-style-stripes\"><table class=\"has-cool-to-warm-spectrum-gradient-background has-background\"><tbody><tr><td>Cat\u00e9gorie<\/td><td class=\"has-text-align-center\" data-align=\"center\">D\u00e9partement<\/td><td class=\"has-text-align-center\" data-align=\"center\">InterD\u00e9partement<\/td><td>R\u00e9gion<\/td><\/tr><tr><td>Performance Reg<\/td><td class=\"has-text-align-center\" data-align=\"center\">17\/02<br>La Teste<\/td><td class=\"has-text-align-center\" data-align=\"center\">23-24\/03<br>Mont-de-Marsan<\/td><td>20-21\/04<br>Boulazac<\/td><\/tr><tr><td>F\u00e9d\u00e9ral B<\/td><td class=\"has-text-align-center\" data-align=\"center\">17\/02<br>La Teste<\/td><td class=\"has-text-align-center\" data-align=\"center\">9-10\/03<br>Saint Jean d&rsquo;Illac<br><em><strong>Finale DEP<\/strong><\/em><\/td><td><\/td><\/tr><\/tbody><\/table><\/figure>\n\n\n\n<p class=\"has-text-align-center has-luminous-vivid-amber-color has-black-background-color has-text-color has-background has-medium-font-size\"><strong>TEAMGYM<\/strong> : <a href=\"https:\/\/talencegymnastique.fr\/?page_id=1609\">Cliquez-ici pour voir les r\u00e9sultats<\/a><\/p>\n\n\n\n<figure class=\"wp-block-table is-style-stripes\"><table class=\"has-cool-to-warm-spectrum-gradient-background has-background\"><tbody><tr><td>Cat\u00e9gorie<\/td><td class=\"has-text-align-center\" data-align=\"center\">D\u00e9partement<\/td><td class=\"has-text-align-center\" data-align=\"center\">InterD\u00e9partement<\/td><td class=\"has-text-align-center\" data-align=\"center\">R\u00e9gion<\/td><td class=\"has-text-align-center\" data-align=\"center\">National<\/td><\/tr><tr><td>TC<\/td><td class=\"has-text-align-center\" data-align=\"center\">17\/12\/23<br>Arcachon<\/td><td class=\"has-text-align-center\" data-align=\"center\">10\/02<br>Bruges<\/td><td class=\"has-text-align-center\" data-align=\"center\">30-31\/03<br>Saint Jean d&rsquo;Illac<\/td><td class=\"has-text-align-center\" data-align=\"center\">24-25-26\/05<br>Cognac<\/td><\/tr><\/tbody><\/table><\/figure>\n","protected":false},"excerpt":{"rendered":"<p>GAF &#8211; EQUIPE : Cliquez-ici pour voir les r\u00e9sultats Cat\u00e9gorie D\u00e9partement InterD\u00e9partement R\u00e9gion National F\u00e9d\u00e9ral B OU 3-4\/02La Teste OU Ambar\u00e8s 1-2\/06Finale DEP F\u00e9d\u00e9ral A Reg 20-21\/01 Arcachon 4-5\/03Saint Jean D&rsquo;Illac 3-4\/06 F\u00e9d\u00e9ral A 16\/12\/23 OU 20-21\/01 Arcachon 16-17\/03 13-14\/04Agen 10-11-12\/05 Performance Reg 17-18\/02La Teste Performance Poussine 27-28\/01La Teste GAF &#8211; INDIVIDUEL : Cliquez-ici pour &hellip; <\/p>\n","protected":false},"author":1,"featured_media":0,"parent":428,"menu_order":0,"comment_status":"closed","ping_status":"closed","template":"","meta":{"footnotes":""},"class_list":["post-1603","page","type-page","status-publish","hentry"],"jetpack_sharing_enabled":true,"_links":{"self":[{"href":"https:\/\/talencegymnastique.fr\/index.php?rest_route=\/wp\/v2\/pages\/1603","targetHints":{"allow":["GET"]}}],"collection":[{"href":"https:\/\/talencegymnastique.fr\/index.php?rest_route=\/wp\/v2\/pages"}],"about":[{"href":"https:\/\/talencegymnastique.fr\/index.php?rest_route=\/wp\/v2\/types\/page"}],"author":[{"embeddable":true,"href":"https:\/\/talencegymnastique.fr\/index.php?rest_route=\/wp\/v2\/users\/1"}],"replies":[{"embeddable":true,"href":"https:\/\/talencegymnastique.fr\/index.php?rest_route=%2Fwp%2Fv2%2Fcomments&post=1603"}],"version-history":[{"count":8,"href":"https:\/\/talencegymnastique.fr\/index.php?rest_route=\/wp\/v2\/pages\/1603\/revisions"}],"predecessor-version":[{"id":1685,"href":"https:\/\/talencegymnastique.fr\/index.php?rest_route=\/wp\/v2\/pages\/1603\/revisions\/1685"}],"up":[{"embeddable":true,"href":"https:\/\/talencegymnastique.fr\/index.php?rest_route=\/wp\/v2\/pages\/428"}],"wp:attachment":[{"href":"https:\/\/talencegymnastique.fr\/index.php?rest_route=%2Fwp%2Fv2%2Fmedia&parent=1603"}],"curies":[{"name":"wp","href":"https:\/\/api.w.org\/{rel}","templated":true}]}}