{"id":1651,"date":"2024-01-15T19:17:39","date_gmt":"2024-01-15T18:17:39","guid":{"rendered":"https:\/\/talencegymnastique.fr\/?page_id=1651"},"modified":"2024-01-15T19:17:40","modified_gmt":"2024-01-15T18:17:40","slug":"resultats-saison-2023-2024-gaf-en-individuel","status":"publish","type":"page","link":"https:\/\/talencegymnastique.fr\/?page_id=1651","title":{"rendered":"R\u00e9sultats Saison 2023-2024 GAF en Individuel"},"content":{"rendered":"\n<p>Les r\u00e9sultats qui n&rsquo;apparaissent pas encore sont \u00e0 venir&#8230;.<\/p>\n\n\n\n<p class=\"has-text-align-center has-luminous-vivid-amber-color has-black-background-color has-text-color has-background has-medium-font-size\">D\u00e9partement &#8211; La Teste &#8211; 9 et 10 D\u00e9cembre 2023 : <a href=\"https:\/\/talencegymnastique.fr\/wp-content\/uploads\/2024\/01\/DEP-Indiv-Perf-et-fed.pdf\">Cliquez-ici<\/a><\/p>\n\n\n\n<figure class=\"wp-block-table is-style-stripes\"><table class=\"has-background\" style=\"background:linear-gradient(135deg,rgb(236,4,193) 0%,rgb(0,209,190) 100%)\"><tbody><tr><td>Gymnaste<\/td><td><em>Cat\u00e9gorie<\/em><\/td><td class=\"has-text-align-left\" data-align=\"left\"><em>R\u00e9sultat<\/em><\/td><td class=\"has-text-align-center\" data-align=\"center\"><em>Total point<\/em><\/td><\/tr><tr><td>HERPIN Jeanne<\/td><td>Nationale 17 ans<\/td><td class=\"has-text-align-left\" data-align=\"left\">2\/2<\/td><td class=\"has-text-align-center\" data-align=\"center\">37.166<\/td><\/tr><tr><td>DRU C\u00e9lestine<\/td><td>Nationale 18 ans <\/td><td class=\"has-text-align-left\" data-align=\"left\">2\/5<\/td><td class=\"has-text-align-center\" data-align=\"center\">40.850<\/td><\/tr><tr><td>DELBOUIS Lili-Rose<\/td><td>Performance R\u00e9gionale 18 ans et +<\/td><td class=\"has-text-align-left\" data-align=\"left\">9\/16<\/td><td class=\"has-text-align-center\" data-align=\"center\">40.683<\/td><\/tr><tr><td>COUZIN Dorine<\/td><td>Nationale C 10-15 ans<\/td><td class=\"has-text-align-left\" data-align=\"left\">13\/16<\/td><td class=\"has-text-align-center\" data-align=\"center\">39.282<\/td><\/tr><tr><td>GERMAIN El\u00e9onore<\/td><td>F\u00e9d\u00e9ral A Adulte<\/td><td class=\"has-text-align-left\" data-align=\"left\">15\/16<\/td><td class=\"has-text-align-center\" data-align=\"center\">35.416<\/td><\/tr><tr><td>RANGEARD Alice<\/td><td>Performance R\u00e9gionale 9 ans<\/td><td class=\"has-text-align-left\" data-align=\"left\">20\/35<\/td><td class=\"has-text-align-center\" data-align=\"center\">41.382<\/td><\/tr><\/tbody><\/table><\/figure>\n","protected":false},"excerpt":{"rendered":"<p>Les r\u00e9sultats qui n&rsquo;apparaissent pas encore sont \u00e0 venir&#8230;. D\u00e9partement &#8211; La Teste &#8211; 9 et 10 D\u00e9cembre 2023 : Cliquez-ici Gymnaste Cat\u00e9gorie R\u00e9sultat Total point HERPIN Jeanne Nationale 17 ans 2\/2 37.166 DRU C\u00e9lestine Nationale 18 ans 2\/5 40.850 DELBOUIS Lili-Rose Performance R\u00e9gionale 18 ans et + 9\/16 40.683 COUZIN Dorine Nationale C 10-15 &hellip; <\/p>\n","protected":false},"author":1,"featured_media":0,"parent":1603,"menu_order":0,"comment_status":"closed","ping_status":"closed","template":"","meta":{"footnotes":""},"class_list":["post-1651","page","type-page","status-publish","hentry"],"jetpack_sharing_enabled":true,"_links":{"self":[{"href":"https:\/\/talencegymnastique.fr\/index.php?rest_route=\/wp\/v2\/pages\/1651","targetHints":{"allow":["GET"]}}],"collection":[{"href":"https:\/\/talencegymnastique.fr\/index.php?rest_route=\/wp\/v2\/pages"}],"about":[{"href":"https:\/\/talencegymnastique.fr\/index.php?rest_route=\/wp\/v2\/types\/page"}],"author":[{"embeddable":true,"href":"https:\/\/talencegymnastique.fr\/index.php?rest_route=\/wp\/v2\/users\/1"}],"replies":[{"embeddable":true,"href":"https:\/\/talencegymnastique.fr\/index.php?rest_route=%2Fwp%2Fv2%2Fcomments&post=1651"}],"version-history":[{"count":1,"href":"https:\/\/talencegymnastique.fr\/index.php?rest_route=\/wp\/v2\/pages\/1651\/revisions"}],"predecessor-version":[{"id":1653,"href":"https:\/\/talencegymnastique.fr\/index.php?rest_route=\/wp\/v2\/pages\/1651\/revisions\/1653"}],"up":[{"embeddable":true,"href":"https:\/\/talencegymnastique.fr\/index.php?rest_route=\/wp\/v2\/pages\/1603"}],"wp:attachment":[{"href":"https:\/\/talencegymnastique.fr\/index.php?rest_route=%2Fwp%2Fv2%2Fmedia&parent=1651"}],"curies":[{"name":"wp","href":"https:\/\/api.w.org\/{rel}","templated":true}]}}