{"id":352,"date":"2020-05-28T16:56:57","date_gmt":"2020-05-28T14:56:57","guid":{"rendered":"http:\/\/talencegymnastique.fr\/?page_id=352"},"modified":"2022-05-30T00:50:31","modified_gmt":"2022-05-29T22:50:31","slug":"resultats-saison-2019-2020","status":"publish","type":"page","link":"https:\/\/talencegymnastique.fr\/?page_id=352","title":{"rendered":"R\u00e9sultats Saison 2021\/2022"},"content":{"rendered":"\n<div class=\"wp-block-columns is-layout-flex wp-container-core-columns-is-layout-9d6595d7 wp-block-columns-is-layout-flex\">\n<div class=\"wp-block-column is-layout-flow wp-block-column-is-layout-flow\" style=\"flex-basis:100%\">\n<p class=\"has-text-align-center has-luminous-vivid-amber-color has-black-background-color has-text-color has-background has-medium-font-size\"><strong>GAF<\/strong><\/p>\n<\/div>\n<\/div>\n\n\n\n<figure class=\"wp-block-table is-style-stripes\"><table class=\"has-cool-to-warm-spectrum-gradient-background has-background\"><tbody><tr><td>\u00c9tape<\/td><td>Secteur<\/td><td>Format<\/td><td>Cat\u00e9gorie<\/td><td>Date<\/td><td>Lieu<\/td><td>R\u00e9sultats<\/td><\/tr><tr><td>D\u00e9partement<\/td><td>F\u00e9d\u00e9ral<\/td><td>\u00c9quipe<\/td><td>F\u00e9d\u00e9ral A<\/td><td>15\/16 Janvier<\/td><td>Arcachon<\/td><td><a href=\"https:\/\/talencegymnastique.fr\/?page_id=822\" data-type=\"URL\" data-id=\"https:\/\/talencegymnastique.fr\/?page_id=822\">Voir les r\u00e9sultats<\/a><\/td><\/tr><tr><td>D\u00e9partement<\/td><td>Perf<\/td><td>Individuel<\/td><td>National A<\/td><td>22 Janvier<\/td><td>La Teste<\/td><td><a href=\"https:\/\/talencegymnastique.fr\/?page_id=854\" data-type=\"URL\" data-id=\"https:\/\/talencegymnastique.fr\/?page_id=854\">Voir les r\u00e9sultats<\/a> <\/td><\/tr><tr><td>D\u00e9partement<\/td><td>Perf<\/td><td>\u00c9quipe <\/td><td>TC<\/td><td>29 Janvier<\/td><td>Arcachon<\/td><td><a href=\"https:\/\/talencegymnastique.fr\/?page_id=929\" data-type=\"URL\" data-id=\"https:\/\/talencegymnastique.fr\/?page_id=929\">Voir les r\u00e9sultats<\/a><\/td><\/tr><tr><td>D\u00e9partement<\/td><td>F\u00e9d\u00e9ral<\/td><td>\u00c9quipe<\/td><td>F\u00e9d\u00e9ral B<\/td><td>05\/06 F\u00e9vrier<\/td><td>Le Haillan<\/td><td><a href=\"https:\/\/talencegymnastique.fr\/?page_id=937\" data-type=\"URL\" data-id=\"https:\/\/talencegymnastique.fr\/?page_id=937\">Voir les r\u00e9sultats<\/a><\/td><\/tr><tr><td>Interd\u00e9partement<\/td><td>F\u00e9d\u00e9ral<\/td><td>\u00c9quipe<\/td><td>F\u00e9d\u00e9ral A<\/td><td>05\/06 Mars<\/td><td>Pessac<\/td><td><a href=\"https:\/\/talencegymnastique.fr\/?page_id=998\">Voir les r\u00e9sultats<\/a><\/td><\/tr><tr><td>Interd\u00e9partement<\/td><td>Perf<\/td><td>\u00c9quipe<\/td><td>TC<\/td><td>12\/13 Mars<\/td><td>Le Teste<\/td><td><a href=\"https:\/\/talencegymnastique.fr\/?page_id=993\">Voir les r\u00e9sultats<\/a><\/td><\/tr><tr><td>R\u00e9gion<\/td><td>F\u00e9d\u00e9ral<\/td><td>\u00c9quipe<\/td><td>F\u00e9d\u00e9ral A<\/td><td>3 Avril<\/td><td>Poitiers<\/td><td><a href=\"https:\/\/talencegymnastique.fr\/?page_id=1036\">Voir les r\u00e9sultats<\/a><\/td><\/tr><tr><td>Interd\u00e9partement<\/td><td>Perf<\/td><td>Individuel<\/td><td>National A<\/td><td>9 Avril<\/td><td>La Teste<\/td><td><a href=\"https:\/\/talencegymnastique.fr\/?page_id=1042\">Voir les r\u00e9sultats<\/a><\/td><\/tr><tr><td>Interd\u00e9partement<\/td><td>F\u00e9d\u00e9ral<\/td><td>\u00c9quipe<\/td><td>F\u00e9d A Reg<\/td><td>16\/17 Avril<\/td><td>La Teste<\/td><td><a href=\"https:\/\/talencegymnastique.fr\/?page_id=1065\" data-type=\"URL\" data-id=\"https:\/\/talencegymnastique.fr\/?page_id=1065\">Voir les r\u00e9sultats<\/a><\/td><\/tr><tr><td>R\u00e9gion<\/td><td>Perf<\/td><td>\u00c9quipe<\/td><td>National A<\/td><td>7 Mai<\/td><td>Brives<\/td><td><a href=\"https:\/\/talencegymnastique.fr\/?page_id=1096\" data-type=\"URL\" data-id=\"https:\/\/talencegymnastique.fr\/?page_id=1096\">Voir les r\u00e9sultats<\/a><\/td><\/tr><tr><td>Finale ID<\/td><td>F\u00e9d\u00e9ral<\/td><td>\u00c9quipe<\/td><td>F\u00e9d\u00e9ral B<\/td><td>14\/15 Mai<\/td><td>Andernos<\/td><td><a href=\"https:\/\/talencegymnastique.fr\/?page_id=1100\">Voir les r\u00e9sultats<\/a><\/td><\/tr><tr><td>R\u00e9gion<\/td><td>Perf<\/td><td>Individuel<\/td><td>National A<\/td><td>21 Mai<\/td><td>Agen<\/td><td><a href=\"https:\/\/talencegymnastique.fr\/?page_id=1105\">Voir les r\u00e9sultats<\/a><\/td><\/tr><\/tbody><\/table><\/figure>\n\n\n\n<p class=\"has-text-align-center has-luminous-vivid-amber-color has-black-background-color has-text-color has-background has-medium-font-size\"><strong>TEAMGYM<\/strong><\/p>\n\n\n\n<figure class=\"wp-block-table is-style-stripes\"><table class=\"has-cool-to-warm-spectrum-gradient-background has-background\"><tbody><tr><td>\u00c9tape<\/td><td>Secteur<\/td><td>Cat\u00e9gorie<\/td><td>Date<\/td><td>Lieu<\/td><td>R\u00e9sultats<\/td><\/tr><tr><td>D\u00e9partement<\/td><td>Fed\/Perf <\/td><td>TC<\/td><td>23 Janvier<\/td><td> La Teste <\/td><td><a href=\"https:\/\/talencegymnastique.fr\/?page_id=892\" data-type=\"URL\" data-id=\"https:\/\/talencegymnastique.fr\/?page_id=892\">Voir les r\u00e9sultats<\/a><\/td><\/tr><tr><td>Interd\u00e9partement<\/td><td>Fed\/Perf<\/td><td>TC<\/td><td>27 F\u00e9vrier<\/td><td>Saint M\u00e9dard en Jalles<\/td><td><a href=\"https:\/\/talencegymnastique.fr\/?page_id=972\" data-type=\"URL\" data-id=\"https:\/\/talencegymnastique.fr\/?page_id=972\">Voir les r\u00e9sultats<\/a><\/td><\/tr><tr><td>R\u00e9gion<\/td><td>Fed\/Perf<\/td><td>TC<\/td><td>27 Mars<\/td><td>Pessac<\/td><td><a href=\"https:\/\/talencegymnastique.fr\/?page_id=1017\">Voir les r\u00e9sultats<\/a><\/td><\/tr><tr><td>France<\/td><td>Fed\/Perf<\/td><td>TC<\/td><td>3\/4\/5 Juin<\/td><td>Les Ponts-de-C\u00e9<\/td><td>Voir les r\u00e9sultats<\/td><\/tr><\/tbody><\/table><\/figure>\n\n\n\n<p class=\"has-text-align-center has-luminous-vivid-amber-color has-black-background-color has-text-color has-background has-medium-font-size\"><strong>GAM<\/strong><\/p>\n\n\n\n<figure class=\"wp-block-table is-style-stripes\"><table class=\"has-cool-to-warm-spectrum-gradient-background has-background\"><tbody><tr><td>\u00c9tape<\/td><td>Secteur<\/td><td>Format<\/td><td>Cat\u00e9gorie<\/td><td>Date<\/td><td>Lieu<\/td><td>R\u00e9sultats<\/td><\/tr><tr><td>D\u00e9partement <\/td><td>Fed\/Perf<\/td><td>Individuel<\/td><td>TC<\/td><td>22 janvier<\/td><td>La Teste<\/td><td><a href=\"https:\/\/talencegymnastique.fr\/?page_id=854\" data-type=\"URL\" data-id=\"https:\/\/talencegymnastique.fr\/?page_id=854\">Voir les r\u00e9sultats<\/a> <\/td><\/tr><tr><td>D\u00e9partement<\/td><td>Fed\/Perf<\/td><td>\u00c9quipe<\/td><td>TC<\/td><td>30 Janvier<\/td><td>La Teste<\/td><td><a href=\"https:\/\/talencegymnastique.fr\/?page_id=929\" data-type=\"URL\" data-id=\"https:\/\/talencegymnastique.fr\/?page_id=929\">Voir les r\u00e9sultats<\/a><\/td><\/tr><tr><td>Interd\u00e9partement<\/td><td>Fed\/Perf<\/td><td>\u00c9quipe<\/td><td>TC<\/td><td>12 Mars<\/td><td>Boulazac<\/td><td><a href=\"https:\/\/talencegymnastique.fr\/?page_id=993\">Voir les r\u00e9sultats<\/a><\/td><\/tr><tr><td>R\u00e9gion<\/td><td>Fed<\/td><td>\u00c9quipe<\/td><td>Fed A<\/td><td>2 Avril<\/td><td>Poitiers<\/td><td><a href=\"https:\/\/talencegymnastique.fr\/?page_id=1036\">Voir les r\u00e9sultats<\/a><\/td><\/tr><tr><td>Interd\u00e9partement<\/td><td>Fed\/Perf<\/td><td>Inidividuel<\/td><td>TC<\/td><td>9 Avril<\/td><td>Boulazac<\/td><td><a href=\"https:\/\/talencegymnastique.fr\/?page_id=1042\">Voir les r\u00e9sultats<\/a><\/td><\/tr><tr><td>Finale R\u00e9gionale<\/td><td>Fed\/Perf<\/td><td>Individuel<\/td><td>TC<\/td><td>1 Mai<\/td><td>Poitiers<\/td><td><a href=\"https:\/\/talencegymnastique.fr\/?page_id=1083\">Voir les r\u00e9sultats<\/a><\/td><\/tr><tr><td>France<\/td><td>Fed <\/td><td>\u00c9quipe<\/td><td>Fed A<\/td><td>13 Mai<\/td><td>Belfort<\/td><td>Voir les r\u00e9sultats<\/td><\/tr><tr><td>R\u00e9gion<\/td><td>Perf<\/td><td>Individuel<\/td><td>Perf Nat<\/td><td>21 Mai<\/td><td>Agen<\/td><td><a href=\"https:\/\/talencegymnastique.fr\/?page_id=1105\">Voir les r\u00e9sultats<\/a><\/td><\/tr><\/tbody><\/table><\/figure>\n\n\n\n<p><\/p>\n","protected":false},"excerpt":{"rendered":"<p>GAF \u00c9tape Secteur Format Cat\u00e9gorie Date Lieu R\u00e9sultats D\u00e9partement F\u00e9d\u00e9ral \u00c9quipe F\u00e9d\u00e9ral A 15\/16 Janvier Arcachon Voir les r\u00e9sultats D\u00e9partement Perf Individuel National A 22 Janvier La Teste Voir les r\u00e9sultats D\u00e9partement Perf \u00c9quipe TC 29 Janvier Arcachon Voir les r\u00e9sultats D\u00e9partement F\u00e9d\u00e9ral \u00c9quipe F\u00e9d\u00e9ral B 05\/06 F\u00e9vrier Le Haillan Voir les r\u00e9sultats Interd\u00e9partement F\u00e9d\u00e9ral &hellip; <\/p>\n","protected":false},"author":2,"featured_media":0,"parent":428,"menu_order":0,"comment_status":"closed","ping_status":"closed","template":"","meta":{"footnotes":""},"class_list":["post-352","page","type-page","status-publish","hentry"],"jetpack_sharing_enabled":true,"_links":{"self":[{"href":"https:\/\/talencegymnastique.fr\/index.php?rest_route=\/wp\/v2\/pages\/352","targetHints":{"allow":["GET"]}}],"collection":[{"href":"https:\/\/talencegymnastique.fr\/index.php?rest_route=\/wp\/v2\/pages"}],"about":[{"href":"https:\/\/talencegymnastique.fr\/index.php?rest_route=\/wp\/v2\/types\/page"}],"author":[{"embeddable":true,"href":"https:\/\/talencegymnastique.fr\/index.php?rest_route=\/wp\/v2\/users\/2"}],"replies":[{"embeddable":true,"href":"https:\/\/talencegymnastique.fr\/index.php?rest_route=%2Fwp%2Fv2%2Fcomments&post=352"}],"version-history":[{"count":25,"href":"https:\/\/talencegymnastique.fr\/index.php?rest_route=\/wp\/v2\/pages\/352\/revisions"}],"predecessor-version":[{"id":1109,"href":"https:\/\/talencegymnastique.fr\/index.php?rest_route=\/wp\/v2\/pages\/352\/revisions\/1109"}],"up":[{"embeddable":true,"href":"https:\/\/talencegymnastique.fr\/index.php?rest_route=\/wp\/v2\/pages\/428"}],"wp:attachment":[{"href":"https:\/\/talencegymnastique.fr\/index.php?rest_route=%2Fwp%2Fv2%2Fmedia&parent=352"}],"curies":[{"name":"wp","href":"https:\/\/api.w.org\/{rel}","templated":true}]}}